{"id":189,"date":"2025-03-29T14:44:33","date_gmt":"2025-03-29T14:44:33","guid":{"rendered":"https:\/\/jottodrevarva.hu\/?page_id=189"},"modified":"2025-03-29T15:35:56","modified_gmt":"2025-03-29T15:35:56","slug":"altalanos-szerzodesi-feltetelek","status":"publish","type":"page","link":"https:\/\/jottodrevarva.hu\/index.php\/altalanos-szerzodesi-feltetelek\/","title":{"rendered":"\u00c1ltal\u00e1nos Szerz\u0151d\u00e9si Felt\u00e9telek"},"content":{"rendered":"\t\t<div data-elementor-type=\"wp-page\" data-elementor-id=\"189\" class=\"elementor elementor-189\">\n\t\t\t\t<div class=\"elementor-element elementor-element-7d0d69d e-flex e-con-boxed e-con e-parent\" data-id=\"7d0d69d\" data-element_type=\"container\">\n\t\t\t\t\t<div class=\"e-con-inner\">\n\t\t<div class=\"elementor-element elementor-element-1206ca5 e-con-full e-flex e-con e-child\" data-id=\"1206ca5\" data-element_type=\"container\">\n\t\t\t\t<div class=\"elementor-element elementor-element-7fe2522 elementor-widget elementor-widget-heading\" data-id=\"7fe2522\" data-element_type=\"widget\" data-widget_type=\"heading.default\">\n\t\t\t\t<div class=\"elementor-widget-container\">\n\t\t\t<style>\/*! elementor - v3.23.0 - 05-08-2024 *\/\n.elementor-heading-title{padding:0;margin:0;line-height:1}.elementor-widget-heading .elementor-heading-title[class*=elementor-size-]>a{color:inherit;font-size:inherit;line-height:inherit}.elementor-widget-heading .elementor-heading-title.elementor-size-small{font-size:15px}.elementor-widget-heading .elementor-heading-title.elementor-size-medium{font-size:19px}.elementor-widget-heading .elementor-heading-title.elementor-size-large{font-size:29px}.elementor-widget-heading .elementor-heading-title.elementor-size-xl{font-size:39px}.elementor-widget-heading .elementor-heading-title.elementor-size-xxl{font-size:59px}<\/style><h4 class=\"elementor-heading-title elementor-size-default\">\u00c1ltal\u00e1nos Szerz\u0151d\u00e9si Felt\u00e9telek<\/h4>\t\t<\/div>\n\t\t\t\t<\/div>\n\t\t\t\t<\/div>\n\t\t<div class=\"elementor-element elementor-element-9737a9f e-con-full e-flex e-con e-child\" data-id=\"9737a9f\" data-element_type=\"container\">\n\t\t\t\t<div class=\"elementor-element elementor-element-77aa9d3 elementor-widget elementor-widget-text-editor\" data-id=\"77aa9d3\" data-element_type=\"widget\" data-widget_type=\"text-editor.default\">\n\t\t\t\t<div class=\"elementor-widget-container\">\n\t\t\t<style>\/*! elementor - v3.23.0 - 05-08-2024 *\/\n.elementor-widget-text-editor.elementor-drop-cap-view-stacked .elementor-drop-cap{background-color:#69727d;color:#fff}.elementor-widget-text-editor.elementor-drop-cap-view-framed .elementor-drop-cap{color:#69727d;border:3px solid;background-color:transparent}.elementor-widget-text-editor:not(.elementor-drop-cap-view-default) .elementor-drop-cap{margin-top:8px}.elementor-widget-text-editor:not(.elementor-drop-cap-view-default) .elementor-drop-cap-letter{width:1em;height:1em}.elementor-widget-text-editor .elementor-drop-cap{float:left;text-align:center;line-height:1;font-size:50px}.elementor-widget-text-editor .elementor-drop-cap-letter{display:inline-block}<\/style>\t\t\t\t<p>A jelen \u00c1ltal\u00e1nos Szerz\u0151d\u00e9si Felt\u00e9telek (tov\u00e1bbiakban: \u201eSzerz\u0151d\u00e9s\u201d) a Bressel-Klein Annam\u00e1ria IBCLC szoptat\u00e1si szaktan\u00e1csad\u00f3 \u00e9s v\u00e9d\u0151n\u0151 (tov\u00e1bbiakban: \u201eSzolg\u00e1ltat\u00f3\u201d) \u00e9s a Szolg\u00e1ltat\u00e1st ig\u00e9nybe vev\u0151 szem\u00e9ly (tov\u00e1bbiakban: \u201eMegrendel\u0151\u201d) k\u00f6z\u00f6tti jogviszonyt szab\u00e1lyozza. A megrendel\u0151 a Szolg\u00e1ltat\u00f3val val\u00f3 kapcsolatfelv\u00e9tellel \u00e9s a szolg\u00e1ltat\u00e1sok ig\u00e9nybev\u00e9tel\u00e9vel elfogadja a jelen Szerz\u0151d\u00e9s felt\u00e9teleit.<\/p>\t\t\t\t\t\t<\/div>\n\t\t\t\t<\/div>\n\t\t\t\t<\/div>\n\t\t<div class=\"elementor-element elementor-element-992b24f e-con-full e-flex e-con e-child\" data-id=\"992b24f\" data-element_type=\"container\">\n\t\t\t\t<div class=\"elementor-element elementor-element-f4b9723 elementor-widget elementor-widget-text-editor\" data-id=\"f4b9723\" data-element_type=\"widget\" data-widget_type=\"text-editor.default\">\n\t\t\t\t<div class=\"elementor-widget-container\">\n\t\t\t\t\t\t\t<p><strong>1. Szolg\u00e1ltat\u00e1sok<\/strong><\/p><p>A Szolg\u00e1ltat\u00f3 a k\u00f6vetkez\u0151 szolg\u00e1ltat\u00e1sokat ny\u00fajtja a megrendel\u0151 sz\u00e1m\u00e1ra:<\/p><ul><li>Szoptat\u00e1si szaktan\u00e1csad\u00e1s, konzult\u00e1ci\u00f3k, seg\u00edt\u0151 \u00e9s t\u00e1mogat\u00f3 inform\u00e1ci\u00f3k a szoptat\u00e1s sor\u00e1n.<\/li><li>Sz\u00fcl\u00e9sfelk\u00e9sz\u00edt\u0151 tanfolyamok \u00e9s workshopok, amelyek a sz\u00fcl\u00e9sre val\u00f3 felk\u00e9sz\u00fcl\u00e9st c\u00e9lozz\u00e1k.<\/li><\/ul>\t\t\t\t\t\t<\/div>\n\t\t\t\t<\/div>\n\t\t\t\t<\/div>\n\t\t<div class=\"elementor-element elementor-element-4d321e4 e-con-full e-flex e-con e-child\" data-id=\"4d321e4\" data-element_type=\"container\">\n\t\t\t\t<div class=\"elementor-element elementor-element-0641597 elementor-widget elementor-widget-text-editor\" data-id=\"0641597\" data-element_type=\"widget\" data-widget_type=\"text-editor.default\">\n\t\t\t\t<div class=\"elementor-widget-container\">\n\t\t\t\t\t\t\t<p><strong>2. <\/strong><strong>A szolg\u00e1ltat\u00e1sok ig\u00e9nybev\u00e9tel\u00e9nek m\u00f3dja<\/strong><\/p><p>A szolg\u00e1ltat\u00e1sok ig\u00e9nybev\u00e9tel\u00e9hez a megrendel\u0151nek el\u0151zetes id\u0151pontot kell egyeztetnie a szolg\u00e1ltat\u00f3val, amely t\u00f6rt\u00e9nhet telefonon, e-mailben vagy a honlapon tal\u00e1lhat\u00f3 kapcsolatfelv\u00e9teli \u0171rlapon kereszt\u00fcl.<\/p>\t\t\t\t\t\t<\/div>\n\t\t\t\t<\/div>\n\t\t\t\t<\/div>\n\t\t<div class=\"elementor-element elementor-element-964ebfb e-con-full e-flex e-con e-child\" data-id=\"964ebfb\" data-element_type=\"container\">\n\t\t\t\t<div class=\"elementor-element elementor-element-9d74f41 elementor-widget elementor-widget-text-editor\" data-id=\"9d74f41\" data-element_type=\"widget\" data-widget_type=\"text-editor.default\">\n\t\t\t\t<div class=\"elementor-widget-container\">\n\t\t\t\t\t\t\t<p><strong>3. <\/strong><strong>D\u00edjak \u00e9s fizet\u00e9si felt\u00e9telek<\/strong><\/p><p>A szolg\u00e1ltat\u00e1sok d\u00edjai a honlapon el\u00e9rhet\u0151ek. A d\u00edjak a megrendel\u0151 \u00e1ltal v\u00e1lasztott szolg\u00e1ltat\u00e1s f\u00fcggv\u00e9ny\u00e9ben v\u00e1ltozhatnak. A fizet\u00e9s banki \u00e1tutal\u00e1ssal,vagy k\u00e9szp\u00e9nzben t\u00f6rt\u00e9nik.<\/p><p>A megrendel\u0151 k\u00f6teles a szolg\u00e1ltat\u00e1s ig\u00e9nybev\u00e9tel\u00e9t megel\u0151z\u0151en a d\u00edjat teljes\u00edteni, kiv\u00e9ve, ha a szolg\u00e1ltat\u00f3 elt\u00e9r\u0151 meg\u00e1llapod\u00e1st k\u00f6t\u00f6tt a megrendel\u0151vel.<\/p>\t\t\t\t\t\t<\/div>\n\t\t\t\t<\/div>\n\t\t\t\t<\/div>\n\t\t<div class=\"elementor-element elementor-element-f9e091e e-con-full e-flex e-con e-child\" data-id=\"f9e091e\" data-element_type=\"container\">\n\t\t\t\t<div class=\"elementor-element elementor-element-5c55e27 elementor-widget elementor-widget-text-editor\" data-id=\"5c55e27\" data-element_type=\"widget\" data-widget_type=\"text-editor.default\">\n\t\t\t\t<div class=\"elementor-widget-container\">\n\t\t\t\t\t\t\t<p><strong>4. <\/strong><strong>Lemond\u00e1s \u00e9s m\u00f3dos\u00edt\u00e1s<\/strong><\/p><p>A Megrendel\u0151 jogosult a szolg\u00e1ltat\u00e1s ig\u00e9nybev\u00e9tel\u00e9t legal\u00e1bb 24 \u00f3r\u00e1val a tervezett id\u0151pont el\u0151tt lemondani vagy m\u00f3dos\u00edtani. Amennyiben a megrendel\u0151 ezt nem teszi meg, a szolg\u00e1ltat\u00f3 jogosult a teljes d\u00edj kisz\u00e1ml\u00e1z\u00e1s\u00e1ra.<\/p>\t\t\t\t\t\t<\/div>\n\t\t\t\t<\/div>\n\t\t\t\t<\/div>\n\t\t<div class=\"elementor-element elementor-element-1afc217 e-con-full e-flex e-con e-child\" data-id=\"1afc217\" data-element_type=\"container\">\n\t\t\t\t<div class=\"elementor-element elementor-element-3aff06f elementor-widget elementor-widget-text-editor\" data-id=\"3aff06f\" data-element_type=\"widget\" data-widget_type=\"text-editor.default\">\n\t\t\t\t<div class=\"elementor-widget-container\">\n\t\t\t\t\t\t\t<p><strong>5. <\/strong><strong>Felel\u0151ss\u00e9g \u00e9s kock\u00e1zatok<\/strong><\/p><p>A Szolg\u00e1ltat\u00f3 mindent megtesz annak \u00e9rdek\u00e9ben, hogy a tan\u00e1csad\u00e1s \u00e9s tanfolyamok sor\u00e1n ny\u00fajtott inform\u00e1ci\u00f3k pontosak \u00e9s seg\u00edt\u0151k\u00e9szek legyenek. A Szolg\u00e1ltat\u00f3 azonban nem v\u00e1llal felel\u0151ss\u00e9get a megrendel\u0151 vagy harmadik f\u00e9l eg\u00e9szs\u00e9g\u00e9re, j\u00f3ll\u00e9t\u00e9re vonatkoz\u00f3an, amely a tan\u00e1csad\u00e1s sor\u00e1n elhangzott inform\u00e1ci\u00f3k figyelembev\u00e9tel\u00e9vel t\u00f6rt\u00e9nik.<\/p>\t\t\t\t\t\t<\/div>\n\t\t\t\t<\/div>\n\t\t\t\t<\/div>\n\t\t<div class=\"elementor-element elementor-element-e914539 e-con-full e-flex e-con e-child\" data-id=\"e914539\" data-element_type=\"container\">\n\t\t\t\t<div class=\"elementor-element elementor-element-4c0edd3 elementor-widget elementor-widget-text-editor\" data-id=\"4c0edd3\" data-element_type=\"widget\" data-widget_type=\"text-editor.default\">\n\t\t\t\t<div class=\"elementor-widget-container\">\n\t\t\t\t\t\t\t<p><strong>6<\/strong><strong>. Szem\u00e9lyes adatok v\u00e9delme<\/strong><\/p><p>A megrendel\u0151 szem\u00e9lyes adatainak kezel\u00e9se a szolg\u00e1ltat\u00f3 \u00e1ltal alkalmazott adatv\u00e9delmi szab\u00e1lyzat szerint t\u00f6rt\u00e9nik, amely el\u00e9rhet\u0151 a honlapon. A megrendel\u0151 hozz\u00e1j\u00e1rul ahhoz, hogy szem\u00e9lyes adatait a szolg\u00e1ltat\u00f3 a szolg\u00e1ltat\u00e1sok teljes\u00edt\u00e9se \u00e9rdek\u00e9ben kezelje.<\/p>\t\t\t\t\t\t<\/div>\n\t\t\t\t<\/div>\n\t\t\t\t<\/div>\n\t\t<div class=\"elementor-element elementor-element-dee5cef e-con-full e-flex e-con e-child\" data-id=\"dee5cef\" data-element_type=\"container\">\n\t\t\t\t<div class=\"elementor-element elementor-element-d3ccf28 elementor-widget elementor-widget-text-editor\" data-id=\"d3ccf28\" data-element_type=\"widget\" data-widget_type=\"text-editor.default\">\n\t\t\t\t<div class=\"elementor-widget-container\">\n\t\t\t\t\t\t\t<p><strong>7. <\/strong><strong>Szellemi tulajdon<\/strong><\/p><p>A szolg\u00e1ltat\u00f3 \u00e1ltal biztos\u00edtott anyagok, seg\u00e9danyagok \u00e9s inform\u00e1ci\u00f3k szerz\u0151i jogv\u00e9delem alatt \u00e1llnak, \u00e9s kiz\u00e1r\u00f3lag a szolg\u00e1ltat\u00e1s c\u00e9ljaira haszn\u00e1lhat\u00f3k fel. A megrendel\u0151 nem jogosult az anyagok m\u00e1sol\u00e1s\u00e1ra, terjeszt\u00e9s\u00e9re vagy m\u00e1s m\u00f3don t\u00f6rt\u00e9n\u0151 hasznos\u00edt\u00e1s\u00e1ra, kiv\u00e9ve, ha ezt a szolg\u00e1ltat\u00f3 el\u0151zetesen \u00edr\u00e1sban enged\u00e9lyezte.<\/p>\t\t\t\t\t\t<\/div>\n\t\t\t\t<\/div>\n\t\t\t\t<\/div>\n\t\t<div class=\"elementor-element elementor-element-920a2b3 e-con-full e-flex e-con e-child\" data-id=\"920a2b3\" data-element_type=\"container\">\n\t\t\t\t<div class=\"elementor-element elementor-element-c0ca5b0 elementor-widget elementor-widget-text-editor\" data-id=\"c0ca5b0\" data-element_type=\"widget\" data-widget_type=\"text-editor.default\">\n\t\t\t\t<div class=\"elementor-widget-container\">\n\t\t\t\t\t\t\t<p><strong>8.<\/strong><strong>\u00a0Z\u00e1r\u00f3 rendelkez\u00e9sek<\/strong><\/p><p>A szolg\u00e1ltat\u00f3 fenntartja a jogot, hogy a jelen \u00c1ltal\u00e1nos Szerz\u0151d\u00e9si Felt\u00e9teleket b\u00e1rmikor m\u00f3dos\u00edtsa. A m\u00f3dos\u00edtott felt\u00e9telek a honlapon val\u00f3 k\u00f6zz\u00e9t\u00e9tellel v\u00e1lnak \u00e9rv\u00e9nyess\u00e9. A megrendel\u0151 a szolg\u00e1ltat\u00f3val k\u00f6t\u00f6tt meg\u00e1llapod\u00e1s\u00e1val \u00e9s a szolg\u00e1ltat\u00e1sok ig\u00e9nybev\u00e9tel\u00e9vel elfogadja az aktu\u00e1lis \u00c1ltal\u00e1nos Szerz\u0151d\u00e9si Felt\u00e9teleket.<\/p><p>Amennyiben a Megrendel\u0151 b\u00e1rmilyen k\u00e9rd\u00e9st vagy \u00e9szrev\u00e9telt k\u00edv\u00e1n tenni, a Szolg\u00e1ltat\u00f3val kapcsolatba l\u00e9phet a honlapon tal\u00e1lhat\u00f3 el\u00e9rhet\u0151s\u00e9gek egyik\u00e9n.<\/p>\t\t\t\t\t\t<\/div>\n\t\t\t\t<\/div>\n\t\t\t\t<\/div>\n\t\t\t\t\t<\/div>\n\t\t\t\t<\/div>\n\t\t<div class=\"elementor-element elementor-element-179ba27 e-flex e-con-boxed e-con e-parent\" data-id=\"179ba27\" data-element_type=\"container\">\n\t\t\t\t\t<div class=\"e-con-inner\">\n\t\t<div class=\"elementor-element elementor-element-dfc2aa5 e-con-full e-grid e-con e-child\" data-id=\"dfc2aa5\" data-element_type=\"container\">\n\t\t\t\t<div class=\"elementor-element elementor-element-b1cd34f elementor-widget elementor-widget-image\" data-id=\"b1cd34f\" data-element_type=\"widget\" data-widget_type=\"image.default\">\n\t\t\t\t<div class=\"elementor-widget-container\">\n\t\t\t<style>\/*! elementor - v3.23.0 - 05-08-2024 *\/\n.elementor-widget-image{text-align:center}.elementor-widget-image a{display:inline-block}.elementor-widget-image a img[src$=\".svg\"]{width:48px}.elementor-widget-image img{vertical-align:middle;display:inline-block}<\/style>\t\t\t\t\t\t\t\t\t\t\t<a href=\"\/\">\n\t\t\t\t\t\t\t<img decoding=\"async\" src=\"https:\/\/jottodrevarva.hu\/wp-content\/uploads\/elementor\/thumbs\/cropped-golya-qtewmh9ijtwkgpw25qyiw7pzl48rwri2r9upmwkiy0.png\" title=\"cropped-golya.png\" alt=\"cropped-golya.png\" loading=\"lazy\" \/>\t\t\t\t\t\t\t\t<\/a>\n\t\t\t\t\t\t\t\t\t\t\t\t\t<\/div>\n\t\t\t\t<\/div>\n\t\t\t\t<div class=\"elementor-element elementor-element-4c00d44 elementor-widget elementor-widget-text-editor\" data-id=\"4c00d44\" data-element_type=\"widget\" data-widget_type=\"text-editor.default\">\n\t\t\t\t<div class=\"elementor-widget-container\">\n\t\t\t\t\t\t\t<p><a href=\"https:\/\/jottodrevarva.hu\/\">Vissza a f\u0151oldalra<\/a><\/p>\t\t\t\t\t\t<\/div>\n\t\t\t\t<\/div>\n\t\t\t\t<\/div>\n\t\t\t\t\t<\/div>\n\t\t\t\t<\/div>\n\t\t\t\t<\/div>\n\t\t","protected":false},"excerpt":{"rendered":"<p>\u00c1ltal\u00e1nos Szerz\u0151d\u00e9si Felt\u00e9telek A jelen \u00c1ltal\u00e1nos Szerz\u0151d\u00e9si Felt\u00e9telek (tov\u00e1bbiakban: \u201eSzerz\u0151d\u00e9s\u201d) a Bressel-Klein Annam\u00e1ria IBCLC szoptat\u00e1si szaktan\u00e1csad\u00f3 \u00e9s v\u00e9d\u0151n\u0151 (tov\u00e1bbiakban: \u201eSzolg\u00e1ltat\u00f3\u201d) \u00e9s a Szolg\u00e1ltat\u00e1st ig\u00e9nybe vev\u0151 szem\u00e9ly (tov\u00e1bbiakban: \u201eMegrendel\u0151\u201d) k\u00f6z\u00f6tti jogviszonyt szab\u00e1lyozza. A megrendel\u0151 a Szolg\u00e1ltat\u00f3val val\u00f3 kapcsolatfelv\u00e9tellel \u00e9s a szolg\u00e1ltat\u00e1sok ig\u00e9nybev\u00e9tel\u00e9vel elfogadja a jelen Szerz\u0151d\u00e9s felt\u00e9teleit. 1. Szolg\u00e1ltat\u00e1sok A Szolg\u00e1ltat\u00f3 a k\u00f6vetkez\u0151 szolg\u00e1ltat\u00e1sokat ny\u00fajtja a [&hellip;]<\/p>\n","protected":false},"author":1,"featured_media":0,"parent":0,"menu_order":0,"comment_status":"closed","ping_status":"closed","template":"","meta":{"footnotes":""},"class_list":["post-189","page","type-page","status-publish","hentry"],"_links":{"self":[{"href":"https:\/\/jottodrevarva.hu\/index.php\/wp-json\/wp\/v2\/pages\/189","targetHints":{"allow":["GET"]}}],"collection":[{"href":"https:\/\/jottodrevarva.hu\/index.php\/wp-json\/wp\/v2\/pages"}],"about":[{"href":"https:\/\/jottodrevarva.hu\/index.php\/wp-json\/wp\/v2\/types\/page"}],"author":[{"embeddable":true,"href":"https:\/\/jottodrevarva.hu\/index.php\/wp-json\/wp\/v2\/users\/1"}],"replies":[{"embeddable":true,"href":"https:\/\/jottodrevarva.hu\/index.php\/wp-json\/wp\/v2\/comments?post=189"}],"version-history":[{"count":10,"href":"https:\/\/jottodrevarva.hu\/index.php\/wp-json\/wp\/v2\/pages\/189\/revisions"}],"predecessor-version":[{"id":204,"href":"https:\/\/jottodrevarva.hu\/index.php\/wp-json\/wp\/v2\/pages\/189\/revisions\/204"}],"wp:attachment":[{"href":"https:\/\/jottodrevarva.hu\/index.php\/wp-json\/wp\/v2\/media?parent=189"}],"curies":[{"name":"wp","href":"https:\/\/api.w.org\/{rel}","templated":true}]}}